{"id":10313,"date":"2022-04-07T08:31:58","date_gmt":"2022-04-07T06:31:58","guid":{"rendered":"https:\/\/komma.ostfalia.de\/?page_id=10313"},"modified":"2022-11-01T16:30:31","modified_gmt":"2022-11-01T15:30:31","slug":"digitale-lehre-innovative-lehr-und-lernkonzepte","status":"publish","type":"page","link":"https:\/\/komma.ostfalia.de\/index.php\/digitale-lehre-innovative-lehr-und-lernkonzepte\/","title":{"rendered":"Digitale Lehre: Innovative Lehr- und Lernkonzepte"},"content":{"rendered":"\t\t<div data-elementor-type=\"wp-page\" data-elementor-id=\"10313\" class=\"elementor elementor-10313\">\n\t\t\t\t\t\t<section class=\"elementor-section elementor-top-section elementor-element elementor-element-067e9ab elementor-section-boxed elementor-section-height-default elementor-section-height-default\" data-id=\"067e9ab\" data-element_type=\"section\">\n\t\t\t\t\t\t<div class=\"elementor-container elementor-column-gap-default\">\n\t\t\t\t\t<div class=\"elementor-column elementor-col-50 elementor-top-column elementor-element elementor-element-4da338b\" data-id=\"4da338b\" data-element_type=\"column\">\n\t\t\t<div class=\"elementor-widget-wrap elementor-element-populated\">\n\t\t\t\t\t\t<div class=\"elementor-element elementor-element-d9be0ed elementor-widget elementor-widget-text-editor\" data-id=\"d9be0ed\" data-element_type=\"widget\" data-widget_type=\"text-editor.default\">\n\t\t\t\t<div class=\"elementor-widget-container\">\n\t\t\t\t\t\t\t<div class=\"elementor-element elementor-element-55b9aac3 elementor-widget elementor-widget-text-editor\" data-id=\"55b9aac3\" data-element_type=\"widget\" data-widget_type=\"text-editor.default\">\n<div class=\"elementor-widget-container\">\n<div class=\"elementor-text-editor elementor-clearfix\">\n<p><b>Projektlaufzeit:<\/b><br>seit 2015; Planungshorizont 2021<\/p>\n<p><b>Projektleitung:<\/b><br>Harald Rau<\/p>\n<p><b>Projektkoordination:<\/b><br>Annika Ehlers, Per Ole Uphaus<\/p>\n<p><b>Projektpartner:<\/b><br>In diesem Kooperationsprojekt werden die Hochschule Osnabr\u00fcck, Campus Lingen, und die Ostfalia Hochschule f\u00fcr angewandte Wissenschaften, Campus Salzgitter, in Zusammenarbeit mit dem Braunschweiger Zeitungsverlag und der Neuen Osnabr\u00fccker Zeitung Chancen und Risiken von LBS f\u00fcr die regionale Medienkommunikation, speziell im Raum Niedersachsen, identifizieren.<\/p>\n<p><b>Methoden:<\/b><br>Literaturrecherche, Delphi-Methode, Branchenanalyse, Usability Testing, Fokusgruppenbefragung<\/p>\n<\/div>\n<\/div>\n<\/div>\n<div class=\"elementor-element elementor-element-a79462e elementor-widget elementor-widget-text-editor\" data-id=\"a79462e\" data-element_type=\"widget\" data-widget_type=\"text-editor.default\">\n<div class=\"elementor-widget-container\">\n<div class=\"elementor-text-editor elementor-clearfix\"><strong>Prof. Dr. Harald Rau \u00fcber die Zukunft von Location Based Services<\/strong><\/div>\n<\/div>\n<\/div>\t\t\t\t\t\t<\/div>\n\t\t\t\t<\/div>\n\t\t\t\t<div class=\"elementor-element elementor-element-7a13998 elementor-widget elementor-widget-image\" data-id=\"7a13998\" data-element_type=\"widget\" data-widget_type=\"image.default\">\n\t\t\t\t<div class=\"elementor-widget-container\">\n\t\t\t\t\t\t\t\t\t\t\t\t\t<img fetchpriority=\"high\" decoding=\"async\" width=\"563\" height=\"506\" src=\"https:\/\/komma.ostfalia.de\/wp-content\/uploads\/2017\/11\/EFRE.jpg\" class=\"attachment-large size-large wp-image-204\" alt=\"\" srcset=\"https:\/\/komma.ostfalia.de\/wp-content\/uploads\/2017\/11\/EFRE.jpg 563w, https:\/\/komma.ostfalia.de\/wp-content\/uploads\/2017\/11\/EFRE-300x270.jpg 300w\" sizes=\"(max-width: 563px) 100vw, 563px\" \/>\t\t\t\t\t\t\t\t\t\t\t\t\t<\/div>\n\t\t\t\t<\/div>\n\t\t\t\t\t<\/div>\n\t\t<\/div>\n\t\t\t\t<div class=\"elementor-column elementor-col-50 elementor-top-column elementor-element elementor-element-85951b9\" data-id=\"85951b9\" data-element_type=\"column\">\n\t\t\t<div class=\"elementor-widget-wrap elementor-element-populated\">\n\t\t\t\t\t\t<div class=\"elementor-element elementor-element-b40ea12 elementor-widget elementor-widget-text-editor\" data-id=\"b40ea12\" data-element_type=\"widget\" data-widget_type=\"text-editor.default\">\n\t\t\t\t<div class=\"elementor-widget-container\">\n\t\t\t\t\t\t\t<p>Location Based Services (LBS) \u2013 Anwendungen, die durch Lokalisierung Mehrwert f\u00fcr den Nutzer schaffen \u2013 haben in den letzten Jahren enorm an Bedeutung gewonnen. Faktoren wie die rasant steigende Nutzung von mobilen Endger\u00e4ten, der stetige Ausbau von Bandbreiten, vielerorts verf\u00fcgbares WLAN und der Einsatz der Beacon-Technologie, lassen die Chancen f\u00fcr zielgerichtet eingesetzte LBS weiter wachsen.<\/p><p>Angesichts einer international beschleunigten Entwicklung besitzen LBS m\u00f6glicherweise auch und gerade in der regionalen Medienkommunikation ein enormes Potential \u2013 und dieses scheint l\u00e4ngst nicht ausgesch\u00f6pft. Viele LBS-Anbieter bedienen sich algorithmisierter Dienste wie sie z.B. von Google bereitgestellt werden. Diese zumeist technologiebasierten Anwendungen (Apps) haben ein gro\u00dfes Manko: Es fehlt ein definiertes Merkmal, das sie von den unmittelbaren Angeboten der globalen Playern wie Google, Facebook oder Ebay abgrenzt, sie gegen\u00fcber diesen Anbietern heraushebt. Dabei \u2013 so sind sich die Projektpartner einig \u2013 haben gerade regionale Stakeholder \u2013Medienh\u00e4user wie Handel, Gewerbe, Kultur oder Tourismus \u2013 eine Unique Selling Propostion, die auch die nat\u00fcrlichen Monopole von Google nicht so leicht nachbilden k\u00f6nnen: Sie verf\u00fcgen \u00fcber lokal- bzw. regionalspezifisches Wissen sowie \u00fcber zumeist redaktionell aufbereitete Informationen. Die B\u00fcndelung der verschiedenen Kompetenzen kann zu einem strukturierten und qualitativ hochwertigen Gesamtangebot f\u00fchren, welches auf der einen Seite regionale Strukturen st\u00e4rkt (wirtschaftlich, kulturell, touristisch) als auch definierbaren Mehrwert f\u00fcr potenzielle Rezipienten schafft.<\/p><p>Mediennutzer \u2013 und dies ist f\u00fcr das Untersuchungsobjekt Zeitungsleser nachgewiesen \u2013 suchen gezielt Regionalit\u00e4t und lokal relevante Informationen: Rezipienten w\u00fcnschen lokale Berichte und Nachrichten aus dem \u201eeigenen Ort\u201c, daneben mehr Individualisierung der Informationen sowie nachvollziehbare N\u00e4he zu den Anbietern und Authentizit\u00e4t. Dies alles sind Bed\u00fcrfnisse, die regionale Medienh\u00e4user im Zusammenspiel mit Einzelhandel und anderen Dienstleistern befriedigen k\u00f6nnen. Die regionale Zeitung steht au\u00dferdem f\u00fcr die Mehrheit der Deutschen laut aktuellen Studien f\u00fcr lokale\/regionale Kompetenz und kann daher Garant f\u00fcr ein vertrauensstiftendes Angebot sein.<\/p><p>Ziel des gemeinsamen Projekts ist es, Erfolgsmodelle und Handlungsempfehlungen mit konkreten Erfolgsfaktoren und Bewertungsmethoden f\u00fcr die digitale Transformation regionaler Medienkommunikation aufzustellen. Die beiden Hochschulen wollen durch ihr systematisches, wissenschaftliches Herangehen und auf Basis ihrer exzellenten Kenntnisse in der Diffusions- und Erfolgsfaktorenforschung sowie im Usability Testing valide Daten generieren \u2013 und auf diesem Weg auf fundierte Weise Anwendungsgebiete identifizieren.\u00a0<\/p>\t\t\t\t\t\t<\/div>\n\t\t\t\t<\/div>\n\t\t\t\t\t<\/div>\n\t\t<\/div>\n\t\t\t\t\t<\/div>\n\t\t<\/section>\n\t\t\t\t<\/div>\n\t\t","protected":false},"excerpt":{"rendered":"<p>Projektlaufzeit:seit 2015; Planungshorizont 2021 Projektleitung:Harald Rau Projektkoordination:Annika Ehlers, Per Ole Uphaus Projektpartner:In diesem Kooperationsprojekt werden die Hochschule Osnabr\u00fcck, Campus Lingen, und die Ostfalia Hochschule f\u00fcr angewandte Wissenschaften, Campus Salzgitter, in Zusammenarbeit mit dem Braunschweiger Zeitungsverlag und der Neuen Osnabr\u00fccker Zeitung Chancen und Risiken von LBS f\u00fcr die regionale Medienkommunikation, speziell im Raum Niedersachsen, identifizieren. Methoden:Literaturrecherche, [&hellip;]<\/p>\n","protected":false},"author":17,"featured_media":0,"parent":0,"menu_order":0,"comment_status":"closed","ping_status":"closed","template":"","meta":{"_acf_changed":false,"footnotes":""},"acf":[],"yoast_head":"<title>Digitale Lehre: Innovative Lehr- und Lernkonzepte - KomMa<\/title>\n<meta name=\"robots\" content=\"index, follow, max-snippet:-1, max-image-preview:large, max-video-preview:-1\" \/>\n<link rel=\"canonical\" href=\"https:\/\/komma.ostfalia.de\/index.php\/digitale-lehre-innovative-lehr-und-lernkonzepte\/\" \/>\n<meta property=\"og:locale\" content=\"de_DE\" \/>\n<meta property=\"og:type\" content=\"article\" \/>\n<meta property=\"og:title\" content=\"Digitale Lehre: Innovative Lehr- und Lernkonzepte - KomMa\" \/>\n<meta property=\"og:description\" content=\"Projektlaufzeit:seit 2015; Planungshorizont 2021 Projektleitung:Harald Rau Projektkoordination:Annika Ehlers, Per Ole Uphaus Projektpartner:In diesem Kooperationsprojekt werden die Hochschule Osnabr\u00fcck, Campus Lingen, und die Ostfalia Hochschule f\u00fcr angewandte Wissenschaften, Campus Salzgitter, in Zusammenarbeit mit dem Braunschweiger Zeitungsverlag und der Neuen Osnabr\u00fccker Zeitung Chancen und Risiken von LBS f\u00fcr die regionale Medienkommunikation, speziell im Raum Niedersachsen, identifizieren. Methoden:Literaturrecherche, [&hellip;]\" \/>\n<meta property=\"og:url\" content=\"https:\/\/komma.ostfalia.de\/index.php\/digitale-lehre-innovative-lehr-und-lernkonzepte\/\" \/>\n<meta property=\"og:site_name\" content=\"KomMa\" \/>\n<meta property=\"article:modified_time\" content=\"2022-11-01T15:30:31+00:00\" \/>\n<meta property=\"og:image\" content=\"https:\/\/komma.ostfalia.de\/wp-content\/uploads\/2017\/11\/EFRE.jpg\" \/>\n<meta name=\"twitter:card\" content=\"summary_large_image\" \/>\n<meta name=\"twitter:site\" content=\"@komma_ostfalia\" \/>\n<meta name=\"twitter:label1\" content=\"Gesch\u00e4tzte Lesezeit\" \/>\n\t<meta name=\"twitter:data1\" content=\"3\u00a0Minuten\" \/>\n<script type=\"application\/ld+json\" class=\"yoast-schema-graph\">{\"@context\":\"https:\/\/schema.org\",\"@graph\":[{\"@type\":\"WebPage\",\"@id\":\"https:\/\/komma.ostfalia.de\/index.php\/digitale-lehre-innovative-lehr-und-lernkonzepte\/\",\"url\":\"https:\/\/komma.ostfalia.de\/index.php\/digitale-lehre-innovative-lehr-und-lernkonzepte\/\",\"name\":\"Digitale Lehre: Innovative Lehr- und Lernkonzepte - KomMa\",\"isPartOf\":{\"@id\":\"https:\/\/komma.ostfalia.de\/#website\"},\"primaryImageOfPage\":{\"@id\":\"https:\/\/komma.ostfalia.de\/index.php\/digitale-lehre-innovative-lehr-und-lernkonzepte\/#primaryimage\"},\"image\":{\"@id\":\"https:\/\/komma.ostfalia.de\/index.php\/digitale-lehre-innovative-lehr-und-lernkonzepte\/#primaryimage\"},\"thumbnailUrl\":\"https:\/\/komma.ostfalia.de\/wp-content\/uploads\/2017\/11\/EFRE.jpg\",\"datePublished\":\"2022-04-07T06:31:58+00:00\",\"dateModified\":\"2022-11-01T15:30:31+00:00\",\"breadcrumb\":{\"@id\":\"https:\/\/komma.ostfalia.de\/index.php\/digitale-lehre-innovative-lehr-und-lernkonzepte\/#breadcrumb\"},\"inLanguage\":\"de\",\"potentialAction\":[{\"@type\":\"ReadAction\",\"target\":[\"https:\/\/komma.ostfalia.de\/index.php\/digitale-lehre-innovative-lehr-und-lernkonzepte\/\"]}]},{\"@type\":\"ImageObject\",\"inLanguage\":\"de\",\"@id\":\"https:\/\/komma.ostfalia.de\/index.php\/digitale-lehre-innovative-lehr-und-lernkonzepte\/#primaryimage\",\"url\":\"https:\/\/komma.ostfalia.de\/wp-content\/uploads\/2017\/11\/EFRE.jpg\",\"contentUrl\":\"https:\/\/komma.ostfalia.de\/wp-content\/uploads\/2017\/11\/EFRE.jpg\",\"width\":563,\"height\":506},{\"@type\":\"BreadcrumbList\",\"@id\":\"https:\/\/komma.ostfalia.de\/index.php\/digitale-lehre-innovative-lehr-und-lernkonzepte\/#breadcrumb\",\"itemListElement\":[{\"@type\":\"ListItem\",\"position\":1,\"name\":\"Startseite\",\"item\":\"https:\/\/komma.ostfalia.de\/\"},{\"@type\":\"ListItem\",\"position\":2,\"name\":\"Digitale Lehre: Innovative Lehr- und Lernkonzepte\"}]},{\"@type\":\"WebSite\",\"@id\":\"https:\/\/komma.ostfalia.de\/#website\",\"url\":\"https:\/\/komma.ostfalia.de\/\",\"name\":\"KomMa\",\"description\":\"Professur f\u00fcr Kommunikationsmanagement\",\"publisher\":{\"@id\":\"https:\/\/komma.ostfalia.de\/#organization\"},\"potentialAction\":[{\"@type\":\"SearchAction\",\"target\":{\"@type\":\"EntryPoint\",\"urlTemplate\":\"https:\/\/komma.ostfalia.de\/?s={search_term_string}\"},\"query-input\":\"required name=search_term_string\"}],\"inLanguage\":\"de\"},{\"@type\":\"Organization\",\"@id\":\"https:\/\/komma.ostfalia.de\/#organization\",\"name\":\"KomMa - Professur f\u00fcr Kommunikationsmanagement\",\"url\":\"https:\/\/komma.ostfalia.de\/\",\"logo\":{\"@type\":\"ImageObject\",\"inLanguage\":\"de\",\"@id\":\"https:\/\/komma.ostfalia.de\/#\/schema\/logo\/image\/\",\"url\":\"https:\/\/komma.ostfalia.de\/wp-content\/uploads\/2020\/05\/komma-signet.png\",\"contentUrl\":\"https:\/\/komma.ostfalia.de\/wp-content\/uploads\/2020\/05\/komma-signet.png\",\"width\":512,\"height\":512,\"caption\":\"KomMa - Professur f\u00fcr Kommunikationsmanagement\"},\"image\":{\"@id\":\"https:\/\/komma.ostfalia.de\/#\/schema\/logo\/image\/\"},\"sameAs\":[\"https:\/\/twitter.com\/komma_ostfalia\"]}]}<\/script>","yoast_head_json":{"title":"Digitale Lehre: Innovative Lehr- und Lernkonzepte - KomMa","robots":{"index":"index","follow":"follow","max-snippet":"max-snippet:-1","max-image-preview":"max-image-preview:large","max-video-preview":"max-video-preview:-1"},"canonical":"https:\/\/komma.ostfalia.de\/index.php\/digitale-lehre-innovative-lehr-und-lernkonzepte\/","og_locale":"de_DE","og_type":"article","og_title":"Digitale Lehre: Innovative Lehr- und Lernkonzepte - KomMa","og_description":"Projektlaufzeit:seit 2015; Planungshorizont 2021 Projektleitung:Harald Rau Projektkoordination:Annika Ehlers, Per Ole Uphaus Projektpartner:In diesem Kooperationsprojekt werden die Hochschule Osnabr\u00fcck, Campus Lingen, und die Ostfalia Hochschule f\u00fcr angewandte Wissenschaften, Campus Salzgitter, in Zusammenarbeit mit dem Braunschweiger Zeitungsverlag und der Neuen Osnabr\u00fccker Zeitung Chancen und Risiken von LBS f\u00fcr die regionale Medienkommunikation, speziell im Raum Niedersachsen, identifizieren. Methoden:Literaturrecherche, [&hellip;]","og_url":"https:\/\/komma.ostfalia.de\/index.php\/digitale-lehre-innovative-lehr-und-lernkonzepte\/","og_site_name":"KomMa","article_modified_time":"2022-11-01T15:30:31+00:00","og_image":[{"url":"https:\/\/komma.ostfalia.de\/wp-content\/uploads\/2017\/11\/EFRE.jpg"}],"twitter_card":"summary_large_image","twitter_site":"@komma_ostfalia","twitter_misc":{"Gesch\u00e4tzte Lesezeit":"3\u00a0Minuten"},"schema":{"@context":"https:\/\/schema.org","@graph":[{"@type":"WebPage","@id":"https:\/\/komma.ostfalia.de\/index.php\/digitale-lehre-innovative-lehr-und-lernkonzepte\/","url":"https:\/\/komma.ostfalia.de\/index.php\/digitale-lehre-innovative-lehr-und-lernkonzepte\/","name":"Digitale Lehre: Innovative Lehr- und Lernkonzepte - KomMa","isPartOf":{"@id":"https:\/\/komma.ostfalia.de\/#website"},"primaryImageOfPage":{"@id":"https:\/\/komma.ostfalia.de\/index.php\/digitale-lehre-innovative-lehr-und-lernkonzepte\/#primaryimage"},"image":{"@id":"https:\/\/komma.ostfalia.de\/index.php\/digitale-lehre-innovative-lehr-und-lernkonzepte\/#primaryimage"},"thumbnailUrl":"https:\/\/komma.ostfalia.de\/wp-content\/uploads\/2017\/11\/EFRE.jpg","datePublished":"2022-04-07T06:31:58+00:00","dateModified":"2022-11-01T15:30:31+00:00","breadcrumb":{"@id":"https:\/\/komma.ostfalia.de\/index.php\/digitale-lehre-innovative-lehr-und-lernkonzepte\/#breadcrumb"},"inLanguage":"de","potentialAction":[{"@type":"ReadAction","target":["https:\/\/komma.ostfalia.de\/index.php\/digitale-lehre-innovative-lehr-und-lernkonzepte\/"]}]},{"@type":"ImageObject","inLanguage":"de","@id":"https:\/\/komma.ostfalia.de\/index.php\/digitale-lehre-innovative-lehr-und-lernkonzepte\/#primaryimage","url":"https:\/\/komma.ostfalia.de\/wp-content\/uploads\/2017\/11\/EFRE.jpg","contentUrl":"https:\/\/komma.ostfalia.de\/wp-content\/uploads\/2017\/11\/EFRE.jpg","width":563,"height":506},{"@type":"BreadcrumbList","@id":"https:\/\/komma.ostfalia.de\/index.php\/digitale-lehre-innovative-lehr-und-lernkonzepte\/#breadcrumb","itemListElement":[{"@type":"ListItem","position":1,"name":"Startseite","item":"https:\/\/komma.ostfalia.de\/"},{"@type":"ListItem","position":2,"name":"Digitale Lehre: Innovative Lehr- und Lernkonzepte"}]},{"@type":"WebSite","@id":"https:\/\/komma.ostfalia.de\/#website","url":"https:\/\/komma.ostfalia.de\/","name":"KomMa","description":"Professur f\u00fcr Kommunikationsmanagement","publisher":{"@id":"https:\/\/komma.ostfalia.de\/#organization"},"potentialAction":[{"@type":"SearchAction","target":{"@type":"EntryPoint","urlTemplate":"https:\/\/komma.ostfalia.de\/?s={search_term_string}"},"query-input":"required name=search_term_string"}],"inLanguage":"de"},{"@type":"Organization","@id":"https:\/\/komma.ostfalia.de\/#organization","name":"KomMa - Professur f\u00fcr Kommunikationsmanagement","url":"https:\/\/komma.ostfalia.de\/","logo":{"@type":"ImageObject","inLanguage":"de","@id":"https:\/\/komma.ostfalia.de\/#\/schema\/logo\/image\/","url":"https:\/\/komma.ostfalia.de\/wp-content\/uploads\/2020\/05\/komma-signet.png","contentUrl":"https:\/\/komma.ostfalia.de\/wp-content\/uploads\/2020\/05\/komma-signet.png","width":512,"height":512,"caption":"KomMa - Professur f\u00fcr Kommunikationsmanagement"},"image":{"@id":"https:\/\/komma.ostfalia.de\/#\/schema\/logo\/image\/"},"sameAs":["https:\/\/twitter.com\/komma_ostfalia"]}]}},"_links":{"self":[{"href":"https:\/\/komma.ostfalia.de\/index.php\/wp-json\/wp\/v2\/pages\/10313"}],"collection":[{"href":"https:\/\/komma.ostfalia.de\/index.php\/wp-json\/wp\/v2\/pages"}],"about":[{"href":"https:\/\/komma.ostfalia.de\/index.php\/wp-json\/wp\/v2\/types\/page"}],"author":[{"embeddable":true,"href":"https:\/\/komma.ostfalia.de\/index.php\/wp-json\/wp\/v2\/users\/17"}],"replies":[{"embeddable":true,"href":"https:\/\/komma.ostfalia.de\/index.php\/wp-json\/wp\/v2\/comments?post=10313"}],"version-history":[{"count":3,"href":"https:\/\/komma.ostfalia.de\/index.php\/wp-json\/wp\/v2\/pages\/10313\/revisions"}],"predecessor-version":[{"id":11686,"href":"https:\/\/komma.ostfalia.de\/index.php\/wp-json\/wp\/v2\/pages\/10313\/revisions\/11686"}],"wp:attachment":[{"href":"https:\/\/komma.ostfalia.de\/index.php\/wp-json\/wp\/v2\/media?parent=10313"}],"curies":[{"name":"wp","href":"https:\/\/api.w.org\/{rel}","templated":true}]}}